{"id":7,"date":"2022-03-10T14:45:15","date_gmt":"2022-03-10T14:45:15","guid":{"rendered":"https:\/\/www.troissapins.ch\/wordpress\/?page_id=7"},"modified":"2026-07-31T07:57:26","modified_gmt":"2026-07-31T07:57:26","slug":"a-propos","status":"publish","type":"page","link":"https:\/\/www.troissapins.ch\/index.php\/a-propos\/","title":{"rendered":"Le Cabinet"},"content":{"rendered":"\n<div class=\"wp-block-cover alignfull\" style=\"min-height:300px;aspect-ratio:unset;\"><img loading=\"lazy\" decoding=\"async\" width=\"2560\" height=\"1707\" class=\"wp-block-cover__image-background wp-image-722\" alt=\"\" src=\"https:\/\/www.troissapins.ch\/wp-content\/uploads\/2024\/01\/GST_2023-92-1-scaled.jpg\" style=\"object-position:57% 59%\" data-object-fit=\"cover\" data-object-position=\"57% 59%\" srcset=\"https:\/\/www.troissapins.ch\/wp-content\/uploads\/2024\/01\/GST_2023-92-1-scaled.jpg 2560w, https:\/\/www.troissapins.ch\/wp-content\/uploads\/2024\/01\/GST_2023-92-1-300x200.jpg 300w, https:\/\/www.troissapins.ch\/wp-content\/uploads\/2024\/01\/GST_2023-92-1-1024x683.jpg 1024w, https:\/\/www.troissapins.ch\/wp-content\/uploads\/2024\/01\/GST_2023-92-1-768x512.jpg 768w, https:\/\/www.troissapins.ch\/wp-content\/uploads\/2024\/01\/GST_2023-92-1-1536x1024.jpg 1536w, https:\/\/www.troissapins.ch\/wp-content\/uploads\/2024\/01\/GST_2023-92-1-2048x1365.jpg 2048w, https:\/\/www.troissapins.ch\/wp-content\/uploads\/2024\/01\/GST_2023-92-1-930x620.jpg 930w, https:\/\/www.troissapins.ch\/wp-content\/uploads\/2024\/01\/GST_2023-92-1-600x400.jpg 600w\" sizes=\"auto, (max-width: 2560px) 100vw, 2560px\" \/><span aria-hidden=\"true\" class=\"wp-block-cover__background has-nv-site-bg-background-color has-background-dim\"><\/span><div class=\"wp-block-cover__inner-container is-layout-flow wp-block-cover-is-layout-flow\">\n<div class=\"wp-block-group\"><div class=\"wp-block-group__inner-container is-layout-flow wp-block-group-is-layout-flow\">\n<h1 class=\"wp-block-heading has-text-align-left has-neve-text-color-color has-text-color\"><\/h1>\n<\/div><\/div>\n<\/div><\/div>\n\n\n\n<div class=\"wp-block-cover alignfull\" style=\"min-height:853px;aspect-ratio:unset;\"><span aria-hidden=\"true\" class=\"wp-block-cover__background has-nv-light-bg-background-color has-background-dim-100 has-background-dim\"><\/span><div class=\"wp-block-cover__inner-container is-layout-flow wp-block-cover-is-layout-flow\">\n<div class=\"wp-block-group\"><div class=\"wp-block-group__inner-container is-layout-flow wp-block-group-is-layout-flow\">\n<div style=\"height:80px\" aria-hidden=\"true\" class=\"wp-block-spacer\"><\/div>\n\n\n\n<div class=\"wp-block-columns are-vertically-aligned-center is-layout-flex wp-container-core-columns-is-layout-8f761849 wp-block-columns-is-layout-flex\">\n<div class=\"wp-block-column is-vertically-aligned-center is-layout-flow wp-block-column-is-layout-flow\" style=\"flex-basis:50%\">\n<figure class=\"wp-block-image size-full\"><img loading=\"lazy\" decoding=\"async\" width=\"788\" height=\"521\" src=\"https:\/\/www.troissapins.ch\/wp-content\/uploads\/2022\/03\/logo.jpg\" alt=\"\" class=\"wp-image-112\" srcset=\"https:\/\/www.troissapins.ch\/wp-content\/uploads\/2022\/03\/logo.jpg 788w, https:\/\/www.troissapins.ch\/wp-content\/uploads\/2022\/03\/logo-600x397.jpg 600w, https:\/\/www.troissapins.ch\/wp-content\/uploads\/2022\/03\/logo-300x198.jpg 300w, https:\/\/www.troissapins.ch\/wp-content\/uploads\/2022\/03\/logo-768x508.jpg 768w\" sizes=\"auto, (max-width: 788px) 100vw, 788px\" \/><\/figure>\n<\/div>\n\n\n\n<div class=\"wp-block-column is-vertically-aligned-center is-layout-flow wp-block-column-is-layout-flow\" style=\"flex-basis:50%\">\n<h2 class=\"wp-block-heading has-neve-text-color-color has-text-color\">Histoire<\/h2>\n\n\n\n<p class=\"has-neve-text-color-color has-text-color has-medium-font-size\" style=\"text-align: justify;\">Fond\u00e9 en mars 2013 par Mme Pascale Burgener et M. Pierre Moret.<\/p>\n\n\n\n<p style=\"text-align: justify;\"><span style=\"color: #000000;\">Dans le souhait d&rsquo;ouvrir un cabinet dans leur r\u00e9gion d&rsquo;origine, ces deux v\u00e9t\u00e9rinaires se sont associ\u00e9s et sont aujourd&rsquo;hui \u00e0 la t\u00eate d&rsquo;une \u00e9quipe compos\u00e9e de 8 v\u00e9t\u00e9rinaires, 6 assistantes en m\u00e9decine v\u00e9t\u00e9rinaire, d&rsquo;une apprentie en 3\u00e8me ann\u00e9e et d&rsquo;une apprentie en 1\u00e8re ann\u00e9e.<\/span><\/p>\n<\/div>\n<\/div>\n\n\n\n<div style=\"height:40px\" aria-hidden=\"true\" class=\"wp-block-spacer\"><\/div>\n<\/div><\/div>\n<\/div><\/div>\n\n\n\n<p class=\"wp-block-paragraph\"><\/p>\n\n\n\n<h2 class=\"wp-block-heading has-text-align-center\">Notre Equipe<\/h2>\n\n\n\n<div class=\"wp-block-cover alignfull\" style=\"min-height:600px;aspect-ratio:unset;\"><span aria-hidden=\"true\" class=\"wp-block-cover__background has-nv-dark-bg-background-color has-background-dim-100 has-background-dim\"><\/span><div class=\"wp-block-cover__inner-container is-layout-flow wp-block-cover-is-layout-flow\">\n<div class=\"wp-block-group\"><div class=\"wp-block-group__inner-container is-layout-flow wp-block-group-is-layout-flow\">\n<div class=\"wp-block-columns is-layout-flex wp-container-core-columns-is-layout-8f761849 wp-block-columns-is-layout-flex\">\n<div class=\"wp-block-column is-layout-flow wp-block-column-is-layout-flow\" style=\"flex-basis:100%\">\n<div class=\"wp-block-columns is-layout-flex wp-container-core-columns-is-layout-8f761849 wp-block-columns-is-layout-flex\">\n<div class=\"wp-block-column is-vertically-aligned-center is-layout-flow wp-block-column-is-layout-flow\" style=\"flex-basis:100%\">\n<div class=\"wp-block-columns is-layout-flex wp-container-core-columns-is-layout-8f761849 wp-block-columns-is-layout-flex\">\n<div class=\"wp-block-column is-layout-flow wp-block-column-is-layout-flow\">\n<figure class=\"wp-block-image\"><img loading=\"lazy\" decoding=\"async\" width=\"1707\" height=\"2560\" src=\"https:\/\/www.troissapins.ch\/wp-content\/uploads\/2026\/01\/PB-scaled.jpg\" alt=\"\" class=\"wp-image-943\" style=\"aspect-ratio:0.666808486498752\" srcset=\"https:\/\/www.troissapins.ch\/wp-content\/uploads\/2026\/01\/PB-scaled.jpg 1707w, https:\/\/www.troissapins.ch\/wp-content\/uploads\/2026\/01\/PB-200x300.jpg 200w, https:\/\/www.troissapins.ch\/wp-content\/uploads\/2026\/01\/PB-683x1024.jpg 683w, https:\/\/www.troissapins.ch\/wp-content\/uploads\/2026\/01\/PB-768x1152.jpg 768w, https:\/\/www.troissapins.ch\/wp-content\/uploads\/2026\/01\/PB-1024x1536.jpg 1024w, https:\/\/www.troissapins.ch\/wp-content\/uploads\/2026\/01\/PB-1365x2048.jpg 1365w, https:\/\/www.troissapins.ch\/wp-content\/uploads\/2026\/01\/PB-600x900.jpg 600w\" sizes=\"auto, (max-width: 1707px) 100vw, 1707px\" \/><\/figure>\n\n\n\n<div id=\"wp-block-themeisle-blocks-accordion-108941b8\" class=\"wp-block-themeisle-blocks-accordion exclusive has-dark-content-bg\">\n<details class=\"wp-block-themeisle-blocks-accordion-item\"><summary class=\"wp-block-themeisle-blocks-accordion-item__title\"><div><strong>Pascale Burgener<\/strong><br>V\u00e9t\u00e9rinaire b\u00e9tail et associ\u00e9e<\/div><\/summary><div class=\"wp-block-themeisle-blocks-accordion-item__content\">\n<p class=\"wp-block-paragraph\"><em><sup>2000-2006: \u00e9tude v\u00e9t\u00e9rinaire \u00e0 l&rsquo;Universit\u00e9 de Berne<\/sup><\/em><\/p>\n\n\n\n<p class=\"wp-block-paragraph\"><em><sup>2007-2010: R\u00e9sidence clinique des ruminants \u00e0 Berne<\/sup><\/em><\/p>\n\n\n\n<p class=\"wp-block-paragraph\"><em><sup>2010-2012: Travail en pratique rurale<\/sup><\/em><\/p>\n\n\n\n<p class=\"wp-block-paragraph\"><em><sup>2013: Obtention du doctorat de Berne et fondation du cabinet v\u00e9t\u00e9rinaire des 3 Sapins, travail en pratique rurale<\/sup><\/em><\/p>\n\n\n\n<p class=\"wp-block-paragraph\"><em><sup>2014: Sp\u00e9cialisation en m\u00e9decine des ruminants<\/sup><\/em><\/p>\n<\/div><\/details>\n<\/div>\n\n\n\n<figure class=\"wp-block-image\"><img loading=\"lazy\" decoding=\"async\" width=\"1080\" height=\"1620\" src=\"https:\/\/www.troissapins.ch\/wp-content\/uploads\/2026\/02\/MP-photo-site.jpg\" alt=\"\" class=\"wp-image-953\" style=\"aspect-ratio:0.6666761194453109\" srcset=\"https:\/\/www.troissapins.ch\/wp-content\/uploads\/2026\/02\/MP-photo-site.jpg 1080w, https:\/\/www.troissapins.ch\/wp-content\/uploads\/2026\/02\/MP-photo-site-200x300.jpg 200w, https:\/\/www.troissapins.ch\/wp-content\/uploads\/2026\/02\/MP-photo-site-683x1024.jpg 683w, https:\/\/www.troissapins.ch\/wp-content\/uploads\/2026\/02\/MP-photo-site-768x1152.jpg 768w, https:\/\/www.troissapins.ch\/wp-content\/uploads\/2026\/02\/MP-photo-site-1024x1536.jpg 1024w, https:\/\/www.troissapins.ch\/wp-content\/uploads\/2026\/02\/MP-photo-site-600x900.jpg 600w\" sizes=\"auto, (max-width: 1080px) 100vw, 1080px\" \/><\/figure>\n\n\n\n<div id=\"wp-block-themeisle-blocks-accordion-a2ddf27c\" class=\"wp-block-themeisle-blocks-accordion exclusive has-dark-content-bg\">\n<details class=\"wp-block-themeisle-blocks-accordion-item\"><summary class=\"wp-block-themeisle-blocks-accordion-item__title\"><div><strong>Marc Pralong<\/strong><br>V\u00e9t\u00e9rinaire b\u00e9tail<\/div><\/summary><div class=\"wp-block-themeisle-blocks-accordion-item__content\">\n<p class=\"has-text-align-left wp-block-paragraph\"><em><sup>2020-2026: \u00e9tudes v\u00e9t\u00e9rinaire \u00e0 l&rsquo;Universit\u00e9 de Berne<\/sup><\/em><\/p>\n\n\n\n<p class=\"wp-block-paragraph\"><em><sup>2026 \u00e0 maintenant: cabinet v\u00e9t\u00e9rinaire des 3 Sapins <\/sup><\/em><\/p>\n<\/div><\/details>\n<\/div>\n\n\n<div class=\"wp-block-image\">\n<figure class=\"aligncenter size-large\"><img loading=\"lazy\" decoding=\"async\" width=\"768\" height=\"1024\" src=\"https:\/\/www.troissapins.ch\/wp-content\/uploads\/2022\/03\/IMG_20200816_133217-768x1024.jpg\" alt=\"\" class=\"wp-image-213\" srcset=\"https:\/\/www.troissapins.ch\/wp-content\/uploads\/2022\/03\/IMG_20200816_133217-768x1024.jpg 768w, https:\/\/www.troissapins.ch\/wp-content\/uploads\/2022\/03\/IMG_20200816_133217-225x300.jpg 225w, https:\/\/www.troissapins.ch\/wp-content\/uploads\/2022\/03\/IMG_20200816_133217-1152x1536.jpg 1152w, https:\/\/www.troissapins.ch\/wp-content\/uploads\/2022\/03\/IMG_20200816_133217-1536x2048.jpg 1536w, https:\/\/www.troissapins.ch\/wp-content\/uploads\/2022\/03\/IMG_20200816_133217-600x800.jpg 600w, https:\/\/www.troissapins.ch\/wp-content\/uploads\/2022\/03\/IMG_20200816_133217-scaled.jpg 1920w\" sizes=\"auto, (max-width: 768px) 100vw, 768px\" \/><\/figure>\n<\/div>\n\n\n<div id=\"wp-block-themeisle-blocks-accordion-72ecf95c\" class=\"wp-block-themeisle-blocks-accordion exclusive has-dark-content-bg\">\n<details class=\"wp-block-themeisle-blocks-accordion-item\"><summary class=\"wp-block-themeisle-blocks-accordion-item__title\"><div><strong>Amandine Delpuech<\/strong><br>V\u00e9t\u00e9rinaire petits animaux<\/div><\/summary><div class=\"wp-block-themeisle-blocks-accordion-item__content\">\n<p class=\"wp-block-paragraph\"><em><sup>M\u00e9decin v\u00e9t\u00e9rinaire<\/sup><\/em><\/p>\n\n\n\n<p class=\"wp-block-paragraph\"><em><sup>2011-2016 : \u00e9tudes v\u00e9t\u00e9rinaires et doctorat \u00e0 l&rsquo;\u00e9cole Nationale V\u00e9t\u00e9rinaire d&rsquo;Alfort<\/sup><\/em><\/p>\n\n\n\n<p class=\"wp-block-paragraph\"><em><sup>2018-2019 : urgentiste dans la clinique v\u00e9t\u00e9rinaire pour petits animaux Medi-Vet \u00e0 Lausanne<\/sup><\/em><\/p>\n\n\n\n<p class=\"wp-block-paragraph\"><em><sup>2019-2021 : formation compl\u00e9mentaire en dermatologie chez les petits animaux<\/sup><\/em><\/p>\n\n\n\n<p class=\"wp-block-paragraph\"><em><sup>2022-2023 : formation compl\u00e9mentaire en alimentation pour petits animaux<\/sup><\/em><\/p>\n\n\n\n<p class=\"wp-block-paragraph\"><em><sup>2019 \u00e0 maintenant : cabinet v\u00e9t\u00e9rinaire des 3 Sapins<\/sup><\/em><\/p>\n<\/div><\/details>\n<\/div>\n<\/div>\n\n\n\n<div class=\"wp-block-column is-layout-flow wp-block-column-is-layout-flow\"><div class=\"wp-block-image\">\n<figure class=\"aligncenter size-large\"><img loading=\"lazy\" decoding=\"async\" width=\"768\" height=\"1024\" src=\"https:\/\/www.troissapins.ch\/wp-content\/uploads\/2022\/03\/IMG_20200910_130315-768x1024.jpg\" alt=\"\" class=\"wp-image-116\" srcset=\"https:\/\/www.troissapins.ch\/wp-content\/uploads\/2022\/03\/IMG_20200910_130315-768x1024.jpg 768w, https:\/\/www.troissapins.ch\/wp-content\/uploads\/2022\/03\/IMG_20200910_130315-scaled-600x800.jpg 600w, https:\/\/www.troissapins.ch\/wp-content\/uploads\/2022\/03\/IMG_20200910_130315-225x300.jpg 225w, https:\/\/www.troissapins.ch\/wp-content\/uploads\/2022\/03\/IMG_20200910_130315-1152x1536.jpg 1152w, https:\/\/www.troissapins.ch\/wp-content\/uploads\/2022\/03\/IMG_20200910_130315-1536x2048.jpg 1536w, https:\/\/www.troissapins.ch\/wp-content\/uploads\/2022\/03\/IMG_20200910_130315-scaled.jpg 1920w\" sizes=\"auto, (max-width: 768px) 100vw, 768px\" \/><\/figure>\n<\/div>\n\n\n<div id=\"wp-block-themeisle-blocks-accordion-b01b7bd4\" class=\"wp-block-themeisle-blocks-accordion exclusive has-dark-content-bg\">\n<details class=\"wp-block-themeisle-blocks-accordion-item\"><summary class=\"wp-block-themeisle-blocks-accordion-item__title\"><div><strong>Pierre Moret<\/strong><br>V\u00e9t\u00e9rinaire b\u00e9tail et associ\u00e9<\/div><\/summary><div class=\"wp-block-themeisle-blocks-accordion-item__content\">\n<p class=\"wp-block-paragraph\"><\/p>\n<\/div><\/details>\n<\/div>\n\n\n<div class=\"wp-block-image\">\n<figure class=\"aligncenter size-full\"><img loading=\"lazy\" decoding=\"async\" width=\"1333\" height=\"1778\" src=\"https:\/\/www.troissapins.ch\/wp-content\/uploads\/2024\/01\/GST_2023-68-1-edited.jpg\" alt=\"\" class=\"wp-image-741\" srcset=\"https:\/\/www.troissapins.ch\/wp-content\/uploads\/2024\/01\/GST_2023-68-1-edited.jpg 1333w, https:\/\/www.troissapins.ch\/wp-content\/uploads\/2024\/01\/GST_2023-68-1-edited-225x300.jpg 225w, https:\/\/www.troissapins.ch\/wp-content\/uploads\/2024\/01\/GST_2023-68-1-edited-768x1024.jpg 768w, https:\/\/www.troissapins.ch\/wp-content\/uploads\/2024\/01\/GST_2023-68-1-edited-1152x1536.jpg 1152w, https:\/\/www.troissapins.ch\/wp-content\/uploads\/2024\/01\/GST_2023-68-1-edited-600x800.jpg 600w\" sizes=\"auto, (max-width: 1333px) 100vw, 1333px\" \/><\/figure>\n<\/div>\n\n\n<div id=\"wp-block-themeisle-blocks-accordion-a3879162\" class=\"wp-block-themeisle-blocks-accordion exclusive has-dark-content-bg\">\n<details class=\"wp-block-themeisle-blocks-accordion-item\"><summary class=\"wp-block-themeisle-blocks-accordion-item__title\"><div><strong>Thibaud Kuca<\/strong><br>V\u00e9t\u00e9rinaire b\u00e9tail<\/div><\/summary><div class=\"wp-block-themeisle-blocks-accordion-item__content\">\n<p class=\"wp-block-paragraph\"><em><sup>V\u00e9t\u00e9rinaire sp\u00e9cialis\u00e9 en m\u00e9decine interne des grands animaux (ACVIM-LAIM)<\/sup><\/em><\/p>\n\n\n\n<p class=\"wp-block-paragraph\"><br><em><sup>2008-2013&nbsp;: \u00e9tudes v\u00e9t\u00e9rinaires \u00e0 l\u2019Ecole Nationale V\u00e9t\u00e9rinaire de Toulouse (France)<\/sup><\/em><\/p>\n\n\n\n<p class=\"wp-block-paragraph\"><em><sup>2013-2014&nbsp;: internat en m\u00e9decine et chirurgie bovines \u00e0 la Facult\u00e9 de M\u00e9decine V\u00e9t\u00e9rinaire de Saint-Hyacinthe (Qu\u00e9bec, Canada)<\/sup><\/em><\/p>\n\n\n\n<p class=\"wp-block-paragraph\"><br><em><sup>2014-2018&nbsp;: r\u00e9sidence en m\u00e9decine interne des grands animaux et doctorat en sciences biom\u00e9dicales \u00e0 l\u2019Universit\u00e9 d\u2019Auburn (Alabama, Etats-Unis)<\/sup><\/em><\/p>\n\n\n\n<p class=\"wp-block-paragraph\"><em><sup>2018-2021&nbsp;: praticien hospitalier en m\u00e9decine interne des animaux de la ferme au Tierspital de Z\u00fcrich<\/sup><\/em><\/p>\n\n\n\n<p class=\"wp-block-paragraph\"><em><sup>2021 \u00e0 maintenant : cabinet v\u00e9t\u00e9rinaire des 3 Sapins<\/sup><\/em><\/p>\n<\/div><\/details>\n<\/div>\n\n\n\n<figure class=\"wp-block-image size-full\"><img loading=\"lazy\" decoding=\"async\" width=\"512\" height=\"512\" src=\"https:\/\/www.troissapins.ch\/wp-content\/uploads\/2023\/03\/268-avatar-man-lineal-4.png\" alt=\"\" class=\"wp-image-532\" srcset=\"https:\/\/www.troissapins.ch\/wp-content\/uploads\/2023\/03\/268-avatar-man-lineal-4.png 512w, https:\/\/www.troissapins.ch\/wp-content\/uploads\/2023\/03\/268-avatar-man-lineal-4-300x300.png 300w, https:\/\/www.troissapins.ch\/wp-content\/uploads\/2023\/03\/268-avatar-man-lineal-4-150x150.png 150w, https:\/\/www.troissapins.ch\/wp-content\/uploads\/2023\/03\/268-avatar-man-lineal-4-100x100.png 100w\" sizes=\"auto, (max-width: 512px) 100vw, 512px\" \/><\/figure>\n\n\n\n<div id=\"wp-block-themeisle-blocks-accordion-4aef8d81\" class=\"wp-block-themeisle-blocks-accordion exclusive has-dark-content-bg\">\n<details class=\"wp-block-themeisle-blocks-accordion-item\"><summary class=\"wp-block-themeisle-blocks-accordion-item__title\"><div><strong>Alexandre Soumoy<\/strong><br>V\u00e9t\u00e9rinaire petits animaux<\/div><\/summary><div class=\"wp-block-themeisle-blocks-accordion-item__content\">\n<p class=\"wp-block-paragraph\"><em><sup>M\u00e9decin v\u00e9t\u00e9rinaire<\/sup><\/em><\/p>\n\n\n\n<p class=\"wp-block-paragraph\"><em><sup>2009-2015: \u00e9tudes v\u00e9t\u00e9rinaires \u00e0 Namur et Li\u00e8ge (Belgique)<\/sup><\/em><\/p>\n\n\n\n<p class=\"wp-block-paragraph\"><em><sup>2015-2016: cabinet v\u00e9t\u00e9rinaire \u00e0 Avallon (France)<\/sup><\/em><\/p>\n\n\n\n<p class=\"wp-block-paragraph\"><sup><em>2016-2018: cabinet v\u00e9t\u00e9rinaire \u00e0 Villedieu-les-Po\u00eales (France)<\/em><\/sup><\/p>\n\n\n\n<p class=\"wp-block-paragraph\"><sup><em>2018-2020:  cabinet v\u00e9t\u00e9rinaire Vetnordman \u00e0 Aumale (France)<\/em><\/sup><\/p>\n\n\n\n<p class=\"wp-block-paragraph\"><em><sup>2020-2021: cabinet v\u00e9t\u00e9rinaire Entre de Bonnes Pattes  \u00e0 Corcelles-pr\u00e8s-Payerne<\/sup><\/em><\/p>\n\n\n\n<p class=\"wp-block-paragraph\"><em><sup>2021-2025: cabinet v\u00e9t\u00e9rinaire Vetmint \u00e0 Domdidier<\/sup><\/em><\/p>\n\n\n\n<p class=\"wp-block-paragraph\"><sup><em>2025 \u00e0 maintenant: cabinet v\u00e9t\u00e9rinaire des 3 Sapins<\/em><\/sup><\/p>\n<\/div><\/details>\n<\/div>\n<\/div>\n\n\n\n<div class=\"wp-block-column is-layout-flow wp-block-column-is-layout-flow\"><div class=\"wp-block-image\">\n<figure class=\"aligncenter size-large\"><img loading=\"lazy\" decoding=\"async\" width=\"767\" height=\"1024\" src=\"https:\/\/www.troissapins.ch\/wp-content\/uploads\/2022\/05\/Screenshot_20200911_085640-edited-767x1024.jpg\" alt=\"\" class=\"wp-image-335\" srcset=\"https:\/\/www.troissapins.ch\/wp-content\/uploads\/2022\/05\/Screenshot_20200911_085640-edited-767x1024.jpg 767w, https:\/\/www.troissapins.ch\/wp-content\/uploads\/2022\/05\/Screenshot_20200911_085640-edited-225x300.jpg 225w, https:\/\/www.troissapins.ch\/wp-content\/uploads\/2022\/05\/Screenshot_20200911_085640-edited-768x1025.jpg 768w, https:\/\/www.troissapins.ch\/wp-content\/uploads\/2022\/05\/Screenshot_20200911_085640-edited-600x801.jpg 600w, https:\/\/www.troissapins.ch\/wp-content\/uploads\/2022\/05\/Screenshot_20200911_085640-edited.jpg 1065w\" sizes=\"auto, (max-width: 767px) 100vw, 767px\" \/><\/figure>\n<\/div>\n\n\n<div id=\"wp-block-themeisle-blocks-accordion-1d0103cc\" class=\"wp-block-themeisle-blocks-accordion exclusive has-dark-content-bg\">\n<details class=\"wp-block-themeisle-blocks-accordion-item\"><summary class=\"wp-block-themeisle-blocks-accordion-item__title\"><div><strong>Sonja Moret<\/strong><br>V\u00e9t\u00e9rinaire b\u00e9tail<\/div><\/summary><div class=\"wp-block-themeisle-blocks-accordion-item__content\">\n<p class=\"wp-block-paragraph\"><\/p>\n<\/div><\/details>\n<\/div>\n\n\n<div class=\"wp-block-image\">\n<figure class=\"aligncenter size-large\"><img loading=\"lazy\" decoding=\"async\" width=\"768\" height=\"1024\" src=\"https:\/\/www.troissapins.ch\/wp-content\/uploads\/2022\/03\/IMG_20200816_133502_1-768x1024.jpg\" alt=\"\" class=\"wp-image-216\" srcset=\"https:\/\/www.troissapins.ch\/wp-content\/uploads\/2022\/03\/IMG_20200816_133502_1-768x1024.jpg 768w, https:\/\/www.troissapins.ch\/wp-content\/uploads\/2022\/03\/IMG_20200816_133502_1-225x300.jpg 225w, https:\/\/www.troissapins.ch\/wp-content\/uploads\/2022\/03\/IMG_20200816_133502_1-1152x1536.jpg 1152w, https:\/\/www.troissapins.ch\/wp-content\/uploads\/2022\/03\/IMG_20200816_133502_1-1536x2048.jpg 1536w, https:\/\/www.troissapins.ch\/wp-content\/uploads\/2022\/03\/IMG_20200816_133502_1-600x800.jpg 600w, https:\/\/www.troissapins.ch\/wp-content\/uploads\/2022\/03\/IMG_20200816_133502_1-scaled.jpg 1920w\" sizes=\"auto, (max-width: 768px) 100vw, 768px\" \/><\/figure>\n<\/div>\n\n\n<div id=\"wp-block-themeisle-blocks-accordion-cf242dce\" class=\"wp-block-themeisle-blocks-accordion exclusive has-dark-content-bg\">\n<details class=\"wp-block-themeisle-blocks-accordion-item\"><summary class=\"wp-block-themeisle-blocks-accordion-item__title\"><div><strong>Thibault Geinoz<\/strong><br>V\u00e9t\u00e9rinaire petits animaux<\/div><\/summary><div class=\"wp-block-themeisle-blocks-accordion-item__content\">\n<p class=\"wp-block-paragraph\"><em><sup>M\u00e9decin v\u00e9t\u00e9rinaire<\/sup><\/em><\/p>\n\n\n\n<p class=\"wp-block-paragraph\"><em><sup>2008-2013 : \u00e9tudes v\u00e9t\u00e9rinaires \u00e0 l&rsquo;Universit\u00e9 de Berne<\/sup><\/em><\/p>\n\n\n\n<p class=\"wp-block-paragraph\"><em><sup>2014-2016 : doctorat \u00e0 l&rsquo;Universit\u00e9 de Berne<\/sup><\/em><\/p>\n\n\n\n<p class=\"wp-block-paragraph\"><sup><em>2016-2017 : internat au T\u00fcZ \u00e0 Tenniken<\/em><\/sup><\/p>\n\n\n\n<p class=\"wp-block-paragraph\"><em><sup>2017 \u00e0 maintenant : cabinet v\u00e9t\u00e9rinaire des 3 Sapins<\/sup><\/em><\/p>\n<\/div><\/details>\n<\/div>\n<\/div>\n<\/div>\n<\/div>\n<\/div>\n\n\n\n<div class=\"wp-block-columns is-layout-flex wp-container-core-columns-is-layout-8f761849 wp-block-columns-is-layout-flex\">\n<div class=\"wp-block-column is-layout-flow wp-block-column-is-layout-flow\"><div class=\"wp-block-image\">\n<figure class=\"aligncenter size-large\"><img loading=\"lazy\" decoding=\"async\" width=\"768\" height=\"1024\" src=\"https:\/\/www.troissapins.ch\/wp-content\/uploads\/2022\/03\/IMG_20200816_134708-768x1024.jpg\" alt=\"\" class=\"wp-image-212\" srcset=\"https:\/\/www.troissapins.ch\/wp-content\/uploads\/2022\/03\/IMG_20200816_134708-768x1024.jpg 768w, https:\/\/www.troissapins.ch\/wp-content\/uploads\/2022\/03\/IMG_20200816_134708-225x300.jpg 225w, https:\/\/www.troissapins.ch\/wp-content\/uploads\/2022\/03\/IMG_20200816_134708-1152x1536.jpg 1152w, https:\/\/www.troissapins.ch\/wp-content\/uploads\/2022\/03\/IMG_20200816_134708-1536x2048.jpg 1536w, https:\/\/www.troissapins.ch\/wp-content\/uploads\/2022\/03\/IMG_20200816_134708-600x800.jpg 600w, https:\/\/www.troissapins.ch\/wp-content\/uploads\/2022\/03\/IMG_20200816_134708-scaled.jpg 1920w\" sizes=\"auto, (max-width: 768px) 100vw, 768px\" \/><\/figure>\n<\/div>\n\n\n<div id=\"wp-block-themeisle-blocks-accordion-8f8cbee5\" class=\"wp-block-themeisle-blocks-accordion exclusive has-dark-content-bg\">\n<details class=\"wp-block-themeisle-blocks-accordion-item\"><summary class=\"wp-block-themeisle-blocks-accordion-item__title\"><div><strong>D\u00e9borah Demierre<\/strong><br>Assistante en m\u00e9decine v\u00e9t\u00e9rinaire<\/div><\/summary><div class=\"wp-block-themeisle-blocks-accordion-item__content\">\n<p class=\"wp-block-paragraph\"><em><sup>2004-2007 : CFC d&rsquo;assistante en m\u00e9decine v\u00e9t\u00e9rinaire chez le Dr Jean Pfister \u00e0 Lausanne<\/sup><\/em><\/p>\n\n\n\n<p class=\"wp-block-paragraph\"><em><sup>2009-2013 : employ\u00e9e au cabinet v\u00e9t\u00e9rinaire des Dr Alexandre Rey et Robert Yerly \u00e0 Ch\u00e2tel-St-Denis<\/sup><\/em><\/p>\n\n\n\n<p class=\"wp-block-paragraph\"><em><sup>2013 \u00e0 maintenant : cabinet v\u00e9t\u00e9rinaire des 3 Sapins<\/sup><\/em><\/p>\n<\/div><\/details>\n<\/div>\n\n\n<div class=\"wp-block-image\">\n<figure class=\"aligncenter size-full\"><img loading=\"lazy\" decoding=\"async\" width=\"1920\" height=\"2560\" src=\"https:\/\/www.troissapins.ch\/wp-content\/uploads\/2025\/05\/IMG_2022-scaled.jpg\" alt=\"\" class=\"wp-image-878\" srcset=\"https:\/\/www.troissapins.ch\/wp-content\/uploads\/2025\/05\/IMG_2022-scaled.jpg 1920w, https:\/\/www.troissapins.ch\/wp-content\/uploads\/2025\/05\/IMG_2022-225x300.jpg 225w, https:\/\/www.troissapins.ch\/wp-content\/uploads\/2025\/05\/IMG_2022-768x1024.jpg 768w, https:\/\/www.troissapins.ch\/wp-content\/uploads\/2025\/05\/IMG_2022-1152x1536.jpg 1152w, https:\/\/www.troissapins.ch\/wp-content\/uploads\/2025\/05\/IMG_2022-1536x2048.jpg 1536w, https:\/\/www.troissapins.ch\/wp-content\/uploads\/2025\/05\/IMG_2022-600x800.jpg 600w\" sizes=\"auto, (max-width: 1920px) 100vw, 1920px\" \/><\/figure>\n<\/div>\n\n\n<div id=\"wp-block-themeisle-blocks-accordion-405404af\" class=\"wp-block-themeisle-blocks-accordion exclusive has-dark-content-bg\">\n<details class=\"wp-block-themeisle-blocks-accordion-item\"><summary class=\"wp-block-themeisle-blocks-accordion-item__title\"><div><strong>Aline Berset<\/strong><br>Assistante en m\u00e9decine v\u00e9t\u00e9rinaire<\/div><\/summary><div class=\"wp-block-themeisle-blocks-accordion-item__content\">\n<p class=\"wp-block-paragraph\"><sup><em>2009-2012 : CFC d&rsquo;assistante en m\u00e9decine v\u00e9t\u00e9rinaire dans le cabinet v\u00e9t\u00e9rinaire de Deillon Beno\u00eet<\/em><\/sup><\/p>\n\n\n\n<p class=\"wp-block-paragraph\"><em><sup>2012-2013 : employ\u00e9e chez Deillon Beno\u00eet<\/sup><\/em><\/p>\n\n\n\n<p class=\"wp-block-paragraph\"><em><sup>2013-2014 : maturit\u00e9 professionnelle<\/sup><\/em> <\/p>\n\n\n\n<p class=\"wp-block-paragraph\"><em><sup>2014-2016 : maturit\u00e9 gymnasiale<\/sup><\/em><\/p>\n\n\n\n<p class=\"wp-block-paragraph\"><em><sup>2016 \u00e0 maintenant : cabinet v\u00e9t\u00e9rinaire des 3 Sapins<\/sup><\/em> <\/p>\n<\/div><\/details>\n<\/div>\n\n\n\n<figure class=\"wp-block-image size-full\"><img loading=\"lazy\" decoding=\"async\" width=\"1920\" height=\"2560\" src=\"https:\/\/www.troissapins.ch\/wp-content\/uploads\/2025\/05\/IMG_2061-1-scaled.jpg\" alt=\"\" class=\"wp-image-887\" srcset=\"https:\/\/www.troissapins.ch\/wp-content\/uploads\/2025\/05\/IMG_2061-1-scaled.jpg 1920w, https:\/\/www.troissapins.ch\/wp-content\/uploads\/2025\/05\/IMG_2061-1-225x300.jpg 225w, https:\/\/www.troissapins.ch\/wp-content\/uploads\/2025\/05\/IMG_2061-1-768x1024.jpg 768w, https:\/\/www.troissapins.ch\/wp-content\/uploads\/2025\/05\/IMG_2061-1-1152x1536.jpg 1152w, https:\/\/www.troissapins.ch\/wp-content\/uploads\/2025\/05\/IMG_2061-1-1536x2048.jpg 1536w, https:\/\/www.troissapins.ch\/wp-content\/uploads\/2025\/05\/IMG_2061-1-600x800.jpg 600w\" sizes=\"auto, (max-width: 1920px) 100vw, 1920px\" \/><\/figure>\n\n\n\n<div id=\"wp-block-themeisle-blocks-accordion-02c04a95\" class=\"wp-block-themeisle-blocks-accordion exclusive has-dark-content-bg\">\n<details class=\"wp-block-themeisle-blocks-accordion-item\"><summary class=\"wp-block-themeisle-blocks-accordion-item__title\"><div><strong>Elisa Brodard<\/strong><br>Apprentie 3\u00e8me ann\u00e9e<\/div><\/summary><div class=\"wp-block-themeisle-blocks-accordion-item__content\">\n<p class=\"wp-block-paragraph\"><em><sup>2024 \u00e0 maintenant : CFC d&rsquo;assistante en m\u00e9decine v\u00e9t\u00e9rinaire en cours<\/sup><\/em><\/p>\n<\/div><\/details>\n<\/div>\n<\/div>\n\n\n\n<div class=\"wp-block-column is-layout-flow wp-block-column-is-layout-flow\"><div class=\"wp-block-image\">\n<figure class=\"aligncenter size-large\"><img loading=\"lazy\" decoding=\"async\" width=\"768\" height=\"1024\" src=\"https:\/\/www.troissapins.ch\/wp-content\/uploads\/2022\/03\/IMG_20200816_133718-768x1024.jpg\" alt=\"\" class=\"wp-image-217\" srcset=\"https:\/\/www.troissapins.ch\/wp-content\/uploads\/2022\/03\/IMG_20200816_133718-768x1024.jpg 768w, https:\/\/www.troissapins.ch\/wp-content\/uploads\/2022\/03\/IMG_20200816_133718-225x300.jpg 225w, https:\/\/www.troissapins.ch\/wp-content\/uploads\/2022\/03\/IMG_20200816_133718-1152x1536.jpg 1152w, https:\/\/www.troissapins.ch\/wp-content\/uploads\/2022\/03\/IMG_20200816_133718-1536x2048.jpg 1536w, https:\/\/www.troissapins.ch\/wp-content\/uploads\/2022\/03\/IMG_20200816_133718-600x800.jpg 600w, https:\/\/www.troissapins.ch\/wp-content\/uploads\/2022\/03\/IMG_20200816_133718-scaled.jpg 1920w\" sizes=\"auto, (max-width: 768px) 100vw, 768px\" \/><\/figure>\n<\/div>\n\n\n<div id=\"wp-block-themeisle-blocks-accordion-776b8f3b\" class=\"wp-block-themeisle-blocks-accordion exclusive has-dark-content-bg\">\n<details class=\"wp-block-themeisle-blocks-accordion-item\"><summary class=\"wp-block-themeisle-blocks-accordion-item__title\"><div><strong>Charlotte Favre<\/strong><br>Assistante en m\u00e9decine v\u00e9t\u00e9rinaire<\/div><\/summary><div class=\"wp-block-themeisle-blocks-accordion-item__content\">\n<p class=\"wp-block-paragraph\"><em><sup>2007-2010 : CFC d&rsquo;assistance en m\u00e9decine v\u00e9t\u00e9rinaire dans le cabinet de Deillon Beno\u00eet<\/sup><\/em><\/p>\n\n\n\n<p class=\"wp-block-paragraph\"><em><sup>2010-2013 : CFC de gardienne d&rsquo;animaux au Kompetenzzentrum Veterin\u00e4rdienst und Armeetiere Sch\u00f6nb\u00fchl et chez Pradog, Tatroz<\/sup><\/em><\/p>\n\n\n\n<p class=\"wp-block-paragraph\"><em><sup>2014 : attestation de formatrice en entreprise<\/sup><\/em><\/p>\n\n\n\n<p class=\"wp-block-paragraph\"><em><sup>2015 \u00e0 maintenant : cabinet v\u00e9t\u00e9rinaire des 3 Sapins<\/sup><\/em><\/p>\n<\/div><\/details>\n<\/div>\n\n\n<div class=\"wp-block-image\">\n<figure class=\"aligncenter size-full\"><img loading=\"lazy\" decoding=\"async\" width=\"1690\" height=\"2254\" src=\"https:\/\/www.troissapins.ch\/wp-content\/uploads\/2025\/05\/IMG_2033.jpg\" alt=\"\" class=\"wp-image-879\" srcset=\"https:\/\/www.troissapins.ch\/wp-content\/uploads\/2025\/05\/IMG_2033.jpg 1690w, https:\/\/www.troissapins.ch\/wp-content\/uploads\/2025\/05\/IMG_2033-225x300.jpg 225w, https:\/\/www.troissapins.ch\/wp-content\/uploads\/2025\/05\/IMG_2033-768x1024.jpg 768w, https:\/\/www.troissapins.ch\/wp-content\/uploads\/2025\/05\/IMG_2033-1152x1536.jpg 1152w, https:\/\/www.troissapins.ch\/wp-content\/uploads\/2025\/05\/IMG_2033-1536x2048.jpg 1536w, https:\/\/www.troissapins.ch\/wp-content\/uploads\/2025\/05\/IMG_2033-600x800.jpg 600w\" sizes=\"auto, (max-width: 1690px) 100vw, 1690px\" \/><\/figure>\n<\/div>\n\n\n<div id=\"wp-block-themeisle-blocks-accordion-6693bc6a\" class=\"wp-block-themeisle-blocks-accordion exclusive has-dark-content-bg\">\n<details class=\"wp-block-themeisle-blocks-accordion-item\"><summary class=\"wp-block-themeisle-blocks-accordion-item__title\"><div><strong>Tamara Pichonnaz<\/strong><br>Assistante en m\u00e9decine v\u00e9t\u00e9rinaire<\/div><\/summary><div class=\"wp-block-themeisle-blocks-accordion-item__content\">\n<p class=\"wp-block-paragraph\"><em><sup>2021-2024 : CFC d&rsquo;assistante en m\u00e9decine v\u00e9t\u00e9rinaire  au cabinet v\u00e9t\u00e9rinaire Krebs<\/sup><\/em>  <\/p>\n\n\n\n<p class=\"wp-block-paragraph\"><em><sup>2024  \u00e0 maintenant : cabinet v\u00e9t\u00e9rinaire des 3 Sapins<\/sup><\/em><\/p>\n<\/div><\/details>\n<\/div>\n\n\n\n<figure class=\"wp-block-image size-full\"><img loading=\"lazy\" decoding=\"async\" width=\"512\" height=\"512\" src=\"https:\/\/www.troissapins.ch\/wp-content\/uploads\/2023\/03\/269-avatar-female-lineal-2.png\" alt=\"\" class=\"wp-image-526\" srcset=\"https:\/\/www.troissapins.ch\/wp-content\/uploads\/2023\/03\/269-avatar-female-lineal-2.png 512w, https:\/\/www.troissapins.ch\/wp-content\/uploads\/2023\/03\/269-avatar-female-lineal-2-300x300.png 300w, https:\/\/www.troissapins.ch\/wp-content\/uploads\/2023\/03\/269-avatar-female-lineal-2-150x150.png 150w, https:\/\/www.troissapins.ch\/wp-content\/uploads\/2023\/03\/269-avatar-female-lineal-2-100x100.png 100w\" sizes=\"auto, (max-width: 512px) 100vw, 512px\" \/><\/figure>\n\n\n\n<div id=\"wp-block-themeisle-blocks-accordion-84f64932\" class=\"wp-block-themeisle-blocks-accordion exclusive has-dark-content-bg\">\n<details class=\"wp-block-themeisle-blocks-accordion-item\"><summary class=\"wp-block-themeisle-blocks-accordion-item__title\"><div>Jade Bergmann<br>Apprentie 1\u00e8re ann\u00e9e<\/div><\/summary><div class=\"wp-block-themeisle-blocks-accordion-item__content\">\n<p class=\"wp-block-paragraph\"><em><sup>2026 \u00e0 maintenant: CFC d&rsquo;assistante en m\u00e9decine v\u00e9t\u00e9rinaire en cours <\/sup><\/em><\/p>\n<\/div><\/details>\n<\/div>\n<\/div>\n\n\n\n<div class=\"wp-block-column is-layout-flow wp-block-column-is-layout-flow\">\n<figure class=\"wp-block-gallery aligncenter has-nested-images columns-default is-cropped wp-block-gallery-1 is-layout-flex wp-block-gallery-is-layout-flex\">\n<figure class=\"wp-block-image size-full\"><img loading=\"lazy\" decoding=\"async\" width=\"750\" height=\"930\" data-id=\"914\" src=\"https:\/\/www.troissapins.ch\/wp-content\/uploads\/2025\/11\/sacha.jpeg\" alt=\"\" class=\"wp-image-914\" srcset=\"https:\/\/www.troissapins.ch\/wp-content\/uploads\/2025\/11\/sacha.jpeg 750w, https:\/\/www.troissapins.ch\/wp-content\/uploads\/2025\/11\/sacha-242x300.jpeg 242w, https:\/\/www.troissapins.ch\/wp-content\/uploads\/2025\/11\/sacha-600x744.jpeg 600w\" sizes=\"auto, (max-width: 750px) 100vw, 750px\" \/><\/figure>\n<\/figure>\n\n\n\n<div id=\"wp-block-themeisle-blocks-accordion-46613cbd\" class=\"wp-block-themeisle-blocks-accordion exclusive has-dark-content-bg\">\n<details class=\"wp-block-themeisle-blocks-accordion-item\"><summary class=\"wp-block-themeisle-blocks-accordion-item__title\"><div><strong>Sacha Villa<\/strong><br>Assistante en m\u00e9decine v\u00e9t\u00e9rinaire<\/div><\/summary><div class=\"wp-block-themeisle-blocks-accordion-item__content\">\n<p class=\"wp-block-paragraph\"><em><sup>2014-2018: Bachelor AMV \u00e0 Parme (Italie)<\/sup><\/em><\/p>\n\n\n\n<p class=\"wp-block-paragraph\"><em><sup>2018-2019: assistante en m\u00e9decine v\u00e9t\u00e9rinaire chevaux \u00e0 Lindenhof et CS Ranch \u00e0 Givrins<\/sup><\/em><\/p>\n\n\n\n<p class=\"wp-block-paragraph\"><em><sup>2020-2022: employ\u00e9e au cabinet v\u00e9t\u00e9rinaire du Ch\u00e2teau \u00e0 Bulle<\/sup><\/em><\/p>\n\n\n\n<p class=\"wp-block-paragraph\"><em><sup>2022-2024: assistante en m\u00e9decine v\u00e9t\u00e9rinaire au cabinet v\u00e9t\u00e9rinaire des 3 Sapins. <\/sup><\/em><\/p>\n\n\n\n<p class=\"wp-block-paragraph\"><sup><em>2025 \u00e0 maintenant: cabinet v\u00e9t\u00e9rinaire des 3 Sapins<\/em><\/sup><\/p>\n<\/div><\/details>\n<\/div>\n\n\n\n<figure class=\"wp-block-gallery has-nested-images columns-default is-cropped wp-block-gallery-2 is-layout-flex wp-block-gallery-is-layout-flex\">\n<figure class=\"wp-block-image size-full\"><img loading=\"lazy\" decoding=\"async\" width=\"512\" height=\"512\" data-id=\"541\" src=\"https:\/\/www.troissapins.ch\/wp-content\/uploads\/2023\/03\/269-avatar-female-lineal-1-2.png\" alt=\"\" class=\"wp-image-541\" srcset=\"https:\/\/www.troissapins.ch\/wp-content\/uploads\/2023\/03\/269-avatar-female-lineal-1-2.png 512w, https:\/\/www.troissapins.ch\/wp-content\/uploads\/2023\/03\/269-avatar-female-lineal-1-2-300x300.png 300w, https:\/\/www.troissapins.ch\/wp-content\/uploads\/2023\/03\/269-avatar-female-lineal-1-2-150x150.png 150w, https:\/\/www.troissapins.ch\/wp-content\/uploads\/2023\/03\/269-avatar-female-lineal-1-2-100x100.png 100w\" sizes=\"auto, (max-width: 512px) 100vw, 512px\" \/><\/figure>\n<\/figure>\n\n\n\n<div id=\"wp-block-themeisle-blocks-accordion-c5579812\" class=\"wp-block-themeisle-blocks-accordion exclusive has-dark-content-bg\">\n<details class=\"wp-block-themeisle-blocks-accordion-item\"><summary class=\"wp-block-themeisle-blocks-accordion-item__title\"><div><strong>Camille Faivre <\/strong><br>Assistante en m\u00e9decine v\u00e9t\u00e9rinaire<\/div><\/summary><div class=\"wp-block-themeisle-blocks-accordion-item__content\">\n<p class=\"wp-block-paragraph\"><em><sup>2011-2014: CFC d&rsquo;assistante en m\u00e9decine v\u00e9t\u00e9rinaire dans le cabinet v\u00e9t\u00e9rinaire Moillebeau<\/sup><\/em><\/p>\n\n\n\n<p class=\"wp-block-paragraph\"><sup><em>2014-2014: employ\u00e9e au cabinet v\u00e9t\u00e9rinaire  Moillebeau<\/em><\/sup><\/p>\n\n\n\n<p class=\"wp-block-paragraph\"><em><sup>2015-2017- employ\u00e9e chez Indika<\/sup><\/em><\/p>\n\n\n\n<p class=\"wp-block-paragraph\"><sup><em>2017-2022: employ\u00e9e au cabinet v\u00e9t\u00e9rinaire du Gran-Pr\u00e9<\/em><\/sup><\/p>\n\n\n\n<p class=\"wp-block-paragraph\"><em><sup>2022-2024: employ\u00e9 au cabinet v\u00e9t\u00e9rinaire Vetmint Payerne<\/sup><\/em><\/p>\n\n\n\n<p class=\"wp-block-paragraph\"><em><sub>2023-2025: employ\u00e9e chez Holipets<\/sub><\/em><\/p>\n<\/div><\/details>\n<\/div>\n<\/div>\n<\/div>\n\n\n\n<div id=\"wp-block-themeisle-blocks-accordion-f9101158\" class=\"wp-block-themeisle-blocks-accordion exclusive has-dark-content-bg\"><\/div>\n<\/div>\n<\/div>\n<\/div><\/div>\n<\/div><\/div>\n\n\n<div class=\"wp-block-image is-resized\">\n<figure class=\"aligncenter size-full\"><img loading=\"lazy\" decoding=\"async\" width=\"400\" height=\"400\" src=\"https:\/\/www.troissapins.ch\/wp-content\/uploads\/2022\/03\/21-avatar-outline.gif\" alt=\"\" class=\"wp-image-227\"\/><\/figure>\n<\/div>\n\n\n<p class=\"has-text-align-center wp-block-paragraph\">EQUIPE<\/p>\n","protected":false},"excerpt":{"rendered":"<p>Notre Equipe EQUIPE<\/p>\n","protected":false},"author":1,"featured_media":0,"parent":0,"menu_order":0,"comment_status":"closed","ping_status":"closed","template":"page-templates\/template-pagebuilder-full-width.php","meta":{"neve_meta_sidebar":"","neve_meta_container":"","neve_meta_enable_content_width":"on","neve_meta_content_width":100,"neve_meta_title_alignment":"center","neve_meta_author_avatar":"","neve_post_elements_order":"","neve_meta_disable_header":"","neve_meta_disable_footer":"on","neve_meta_disable_title":"on","_themeisle_gutenberg_block_has_review":false,"footnotes":""},"class_list":["post-7","page","type-page","status-publish","hentry"],"_links":{"self":[{"href":"https:\/\/www.troissapins.ch\/index.php\/wp-json\/wp\/v2\/pages\/7","targetHints":{"allow":["GET"]}}],"collection":[{"href":"https:\/\/www.troissapins.ch\/index.php\/wp-json\/wp\/v2\/pages"}],"about":[{"href":"https:\/\/www.troissapins.ch\/index.php\/wp-json\/wp\/v2\/types\/page"}],"author":[{"embeddable":true,"href":"https:\/\/www.troissapins.ch\/index.php\/wp-json\/wp\/v2\/users\/1"}],"replies":[{"embeddable":true,"href":"https:\/\/www.troissapins.ch\/index.php\/wp-json\/wp\/v2\/comments?post=7"}],"version-history":[{"count":99,"href":"https:\/\/www.troissapins.ch\/index.php\/wp-json\/wp\/v2\/pages\/7\/revisions"}],"predecessor-version":[{"id":969,"href":"https:\/\/www.troissapins.ch\/index.php\/wp-json\/wp\/v2\/pages\/7\/revisions\/969"}],"wp:attachment":[{"href":"https:\/\/www.troissapins.ch\/index.php\/wp-json\/wp\/v2\/media?parent=7"}],"curies":[{"name":"wp","href":"https:\/\/api.w.org\/{rel}","templated":true}]}}